{"id":12660,"date":"2022-11-10T11:20:53","date_gmt":"2022-11-10T11:20:53","guid":{"rendered":"http:\/\/www.univ-usto.dz\/faculte\/fac-archicivil\/?page_id=12660"},"modified":"2026-01-24T09:28:19","modified_gmt":"2026-01-24T09:28:19","slug":"formation-lmd-architecture","status":"publish","type":"page","link":"https:\/\/www.univ-usto.dz\/faculte\/fac-archicivil\/formation-lmd-architecture\/","title":{"rendered":"Formation LMD Architecture"},"content":{"rendered":"\t\t<div data-elementor-type=\"wp-page\" data-elementor-id=\"12660\" class=\"elementor elementor-12660\">\n\t\t\t\t\t\t<section class=\"elementor-section elementor-top-section elementor-element elementor-element-8b1e34f elementor-section-boxed elementor-section-height-default elementor-section-height-default\" data-id=\"8b1e34f\" data-element_type=\"section\">\n\t\t\t\t\t\t<div class=\"elementor-container elementor-column-gap-default\">\n\t\t\t\t\t<div class=\"elementor-column elementor-col-50 elementor-top-column elementor-element elementor-element-a3aa682\" data-id=\"a3aa682\" data-element_type=\"column\">\n\t\t\t<div class=\"elementor-widget-wrap elementor-element-populated\">\n\t\t\t\t\t\t<div class=\"elementor-element elementor-element-6a053a8 news-content ekit-equal-height-disable elementor-widget elementor-widget-elementskit-icon-box\" data-id=\"6a053a8\" data-element_type=\"widget\" data-widget_type=\"elementskit-icon-box.default\">\n\t\t\t\t<div class=\"elementor-widget-container\">\n\t\t\t\t\t<div class=\"ekit-wid-con\" >        <!-- link opening -->\n                <a href=\"https:\/\/www.univ-usto.dz\/faculte\/fac-archicivil\/wp-content\/uploads\/2022\/12\/OFFRE-DE-FORMATION-MASTER-Pro-Efficacite-Energie-Version-Reserves-mai2022-USTO-MB-1.pdf\" target=\"_blank\" rel=\"nofollow\" class=\"ekit_global_links\">\n                <!-- end link opening -->\n\n        <div class=\"elementskit-infobox text-left text- icon-lef-right-aligin elementor-animation-   \">\n                            <div class=\"elementskit-box-header\">\n                <div class=\"elementskit-info-box-icon text-center\">\n                    <img fetchpriority=\"high\" decoding=\"async\" width=\"767\" height=\"528\" src=\"https:\/\/www.univ-usto.dz\/faculte\/fac-archicivil\/wp-content\/uploads\/2022\/12\/farchitecture.jpg\" class=\"attachment- size-\" alt=\"\" srcset=\"https:\/\/www.univ-usto.dz\/faculte\/fac-archicivil\/wp-content\/uploads\/2022\/12\/farchitecture.jpg 767w, https:\/\/www.univ-usto.dz\/faculte\/fac-archicivil\/wp-content\/uploads\/2022\/12\/farchitecture-300x207.jpg 300w, https:\/\/www.univ-usto.dz\/faculte\/fac-archicivil\/wp-content\/uploads\/2022\/12\/farchitecture-360x248.jpg 360w, https:\/\/www.univ-usto.dz\/faculte\/fac-archicivil\/wp-content\/uploads\/2022\/12\/farchitecture-24x17.jpg 24w, https:\/\/www.univ-usto.dz\/faculte\/fac-archicivil\/wp-content\/uploads\/2022\/12\/farchitecture-36x25.jpg 36w, https:\/\/www.univ-usto.dz\/faculte\/fac-archicivil\/wp-content\/uploads\/2022\/12\/farchitecture-48x33.jpg 48w\" sizes=\"(max-width: 767px) 100vw, 767px\" \/>                <\/div>\n          <\/div>\n                <div class=\"box-body\">\n                            <h3 class=\"elementskit-info-box-title\">\n                    Formation LMD Architecture                <\/h3>\n                        \t\t  \t<p>\n<\/p>\n                                <\/div>\n        \n        \n                <\/div>\n                <\/a>\n        <\/div>\t\t\t\t<\/div>\n\t\t\t\t<\/div>\n\t\t\t\t\t<\/div>\n\t\t<\/div>\n\t\t\t\t<div class=\"elementor-column elementor-col-50 elementor-top-column elementor-element elementor-element-279b19d\" data-id=\"279b19d\" data-element_type=\"column\">\n\t\t\t<div class=\"elementor-widget-wrap elementor-element-populated\">\n\t\t\t\t\t\t<div class=\"elementor-element elementor-element-2b83dcc news-content ekit-equal-height-disable elementor-widget elementor-widget-elementskit-icon-box\" data-id=\"2b83dcc\" data-element_type=\"widget\" data-widget_type=\"elementskit-icon-box.default\">\n\t\t\t\t<div class=\"elementor-widget-container\">\n\t\t\t\t\t<div class=\"ekit-wid-con\" >        <!-- link opening -->\n                <a href=\"https:\/\/www.univ-usto.dz\/faculte\/fac-archicivil\/wp-content\/uploads\/2022\/12\/Placard-Master-Pro-EEB-USTO-MB-F.png\" target=\"_blank\" rel=\"nofollow\" class=\"ekit_global_links\">\n                <!-- end link opening -->\n\n        <div class=\"elementskit-infobox text-left text- icon-lef-right-aligin elementor-animation-   \">\n                            <div class=\"elementskit-box-header\">\n                <div class=\"elementskit-info-box-icon text-center\">\n                    <img decoding=\"async\" width=\"1414\" height=\"2000\" src=\"https:\/\/www.univ-usto.dz\/faculte\/fac-archicivil\/wp-content\/uploads\/2022\/12\/Placard-Master-Pro-EEB-USTO-MB-F.png\" class=\"attachment- size-\" alt=\"\" srcset=\"https:\/\/www.univ-usto.dz\/faculte\/fac-archicivil\/wp-content\/uploads\/2022\/12\/Placard-Master-Pro-EEB-USTO-MB-F.png 1414w, https:\/\/www.univ-usto.dz\/faculte\/fac-archicivil\/wp-content\/uploads\/2022\/12\/Placard-Master-Pro-EEB-USTO-MB-F-212x300.png 212w, https:\/\/www.univ-usto.dz\/faculte\/fac-archicivil\/wp-content\/uploads\/2022\/12\/Placard-Master-Pro-EEB-USTO-MB-F-724x1024.png 724w, https:\/\/www.univ-usto.dz\/faculte\/fac-archicivil\/wp-content\/uploads\/2022\/12\/Placard-Master-Pro-EEB-USTO-MB-F-768x1086.png 768w, https:\/\/www.univ-usto.dz\/faculte\/fac-archicivil\/wp-content\/uploads\/2022\/12\/Placard-Master-Pro-EEB-USTO-MB-F-1086x1536.png 1086w, https:\/\/www.univ-usto.dz\/faculte\/fac-archicivil\/wp-content\/uploads\/2022\/12\/Placard-Master-Pro-EEB-USTO-MB-F-191x270.png 191w, https:\/\/www.univ-usto.dz\/faculte\/fac-archicivil\/wp-content\/uploads\/2022\/12\/Placard-Master-Pro-EEB-USTO-MB-F-17x24.png 17w, https:\/\/www.univ-usto.dz\/faculte\/fac-archicivil\/wp-content\/uploads\/2022\/12\/Placard-Master-Pro-EEB-USTO-MB-F-25x36.png 25w, https:\/\/www.univ-usto.dz\/faculte\/fac-archicivil\/wp-content\/uploads\/2022\/12\/Placard-Master-Pro-EEB-USTO-MB-F-34x48.png 34w\" sizes=\"(max-width: 1414px) 100vw, 1414px\" \/>                <\/div>\n          <\/div>\n                <div class=\"box-body\">\n                        \t\t  \t<p>\n<\/p>\n                                <\/div>\n        \n        \n                <\/div>\n                <\/a>\n        <\/div>\t\t\t\t<\/div>\n\t\t\t\t<\/div>\n\t\t\t\t\t<\/div>\n\t\t<\/div>\n\t\t\t\t\t<\/div>\n\t\t<\/section>\n\t\t\t\t<section class=\"elementor-section elementor-top-section elementor-element elementor-element-bf9631e elementor-section-boxed elementor-section-height-default elementor-section-height-default\" data-id=\"bf9631e\" data-element_type=\"section\">\n\t\t\t\t\t\t<div class=\"elementor-container elementor-column-gap-default\">\n\t\t\t\t\t<div class=\"elementor-column elementor-col-100 elementor-top-column elementor-element elementor-element-266a891\" data-id=\"266a891\" data-element_type=\"column\">\n\t\t\t<div class=\"elementor-widget-wrap elementor-element-populated\">\n\t\t\t\t\t\t<div class=\"elementor-element elementor-element-c921bb0 elementor-widget elementor-widget-text-editor\" data-id=\"c921bb0\" data-element_type=\"widget\" data-widget_type=\"text-editor.default\">\n\t\t\t\t<div class=\"elementor-widget-container\">\n\t\t\t\t\t\t\t\t\t<p><u><b>La<\/b><\/u> <u><b>formation<\/b><\/u> <u><b><i>Ing\u00e9nieur<\/i><\/b><\/u> <u><b><i>d\u2019Etat<\/i><\/b><\/u><\/p><p>Le d\u00e9partement d\u2019Architecture assure dans le domaine d\u2019Architecture, Urbanisme et M\u00e9tiers de la ville (AUMV) la formation d\u2019un dipl\u00f4me en <u><b><i>Architecture<\/i><\/b><\/u><u><b><i>.<\/i><\/b><\/u><\/p><p><u><b>La<\/b><\/u> <u><b>Formation<\/b><\/u> <u><b>LMD<\/b><\/u><\/p><p><i>En fili\u00e8re : <\/i><b><i>Urbanisme<\/i><\/b><\/p><p>Un concours d\u2019acc\u00e9s en <u><b>Doctorat<\/b><\/u> <u><b>3\u00e9me<\/b><\/u> <u><b>cycle<\/b><\/u> est<\/p><p>ouvert aux titulaires de dipl\u00f4me de <b>Master<\/b> <b>et Ing\u00e9nieur<\/b><\/p><p><u><b><i>Recherche<\/i><\/b><\/u> <u><b><i>Scientifique<\/i><\/b><\/u><\/p><p>L\u2019encadrement de qualit\u00e9compos\u00e9 d\u2019universitaires et de professionnelsassure \u00e0 nos dipl\u00f4m\u00e9s une<\/p><p>constante adaptation de la formation \u00e0 l\u2019\u00e9volution technologique et une ouverture directe sur le monde de l\u2019emploi et de la recherche.<\/p><p>Le d\u00e9partement d\u2019Architecture dispose d\u2019un laboratoire de recherche :<\/p><p>\u00d8<b><i>Laboratoire<\/i><\/b> <b><i>de<\/i><\/b> <b><i>M\u00e9tropole<\/i><\/b> <b><i>d\u2019Architecture<\/i><\/b><\/p><p style=\"language: en-US; line-height: normal; margin-top: 3.15pt; margin-bottom: 0pt; margin-left: .08in;\"><b><i>d\u2019Urbanisme<\/i><\/b> <b><i>Soci\u00e9te<\/i><\/b> <b><i>(<\/i><\/b><b><i>LAMAUS<\/i><\/b><b><i>)<\/i><\/b><\/p><p style=\"language: en-US; line-height: normal; text-indent: .1in; text-align: justify; text-justify: inter-ideograph; margin: 2.15pt .01in 0pt .01in;\"><span style=\"font-size: 9.0pt; font-family: 'Arial MT'; mso-ascii-font-family: 'Arial MT'; mso-bidi-font-family: 'Arial MT'; language: en-US;\"><br \/><\/span><\/p><p style=\"language: en-US; line-height: 120%; text-indent: .03in; margin: .05pt 1.19in 0pt .01in;\">\u00a0<\/p><p>\u00a0<\/p><p style=\"language: en-US; line-height: normal; margin-top: 2.15pt; margin-bottom: 0pt; margin-left: .01in;\">\u00a0<\/p>\t\t\t\t\t\t\t\t<\/div>\n\t\t\t\t<\/div>\n\t\t\t\t\t<\/div>\n\t\t<\/div>\n\t\t\t\t\t<\/div>\n\t\t<\/section>\n\t\t\t\t<\/div>\n\t\t","protected":false},"excerpt":{"rendered":"<p>Formation LMD Architecture La formation Ing\u00e9nieur d\u2019Etat Le d\u00e9partement d\u2019Architecture assure dans le domaine d\u2019Architecture, Urbanisme et M\u00e9tiers de la ville (AUMV) la formation d\u2019un dipl\u00f4me en Architecture. La Formation <a href=\"https:\/\/www.univ-usto.dz\/faculte\/fac-archicivil\/formation-lmd-architecture\/\" class=\"read-more\">Lire la suite &#8230;<\/a><\/p>\n","protected":false},"author":24,"featured_media":0,"parent":0,"menu_order":0,"comment_status":"closed","ping_status":"closed","template":"","meta":{"footnotes":""},"class_list":["post-12660","page","type-page","status-publish","hentry"],"_links":{"self":[{"href":"https:\/\/www.univ-usto.dz\/faculte\/fac-archicivil\/wp-json\/wp\/v2\/pages\/12660","targetHints":{"allow":["GET"]}}],"collection":[{"href":"https:\/\/www.univ-usto.dz\/faculte\/fac-archicivil\/wp-json\/wp\/v2\/pages"}],"about":[{"href":"https:\/\/www.univ-usto.dz\/faculte\/fac-archicivil\/wp-json\/wp\/v2\/types\/page"}],"author":[{"embeddable":true,"href":"https:\/\/www.univ-usto.dz\/faculte\/fac-archicivil\/wp-json\/wp\/v2\/users\/24"}],"replies":[{"embeddable":true,"href":"https:\/\/www.univ-usto.dz\/faculte\/fac-archicivil\/wp-json\/wp\/v2\/comments?post=12660"}],"version-history":[{"count":28,"href":"https:\/\/www.univ-usto.dz\/faculte\/fac-archicivil\/wp-json\/wp\/v2\/pages\/12660\/revisions"}],"predecessor-version":[{"id":17281,"href":"https:\/\/www.univ-usto.dz\/faculte\/fac-archicivil\/wp-json\/wp\/v2\/pages\/12660\/revisions\/17281"}],"wp:attachment":[{"href":"https:\/\/www.univ-usto.dz\/faculte\/fac-archicivil\/wp-json\/wp\/v2\/media?parent=12660"}],"curies":[{"name":"wp","href":"https:\/\/api.w.org\/{rel}","templated":true}]}}